{"id":1502,"date":"2021-04-12T12:29:30","date_gmt":"2021-04-12T12:29:30","guid":{"rendered":"https:\/\/erreqerremadrid.com\/?page_id=1502"},"modified":"2022-10-09T00:01:14","modified_gmt":"2022-10-09T00:01:14","slug":"erre-que-erre-retiro","status":"publish","type":"page","link":"https:\/\/erreqerremadrid.com\/en\/erre-que-erre-retiro\/","title":{"rendered":"Erre que Erre Retiro"},"content":{"rendered":"<div class=\"wp-block-cover hero-top\" style=\"min-height:706px;aspect-ratio:unset;\"><span aria-hidden=\"true\" class=\"wp-block-cover__background has-background-dim\"><\/span><img loading=\"lazy\" decoding=\"async\" width=\"1920\" height=\"960\" class=\"wp-block-cover__image-background wp-image-1508\" alt=\"\" src=\"https:\/\/erreqerremadrid.com\/wp-content\/uploads\/2021\/04\/banner-retiro.jpg\" data-object-fit=\"cover\" srcset=\"https:\/\/erreqerremadrid.com\/wp-content\/uploads\/2021\/04\/banner-retiro.jpg 1920w, https:\/\/erreqerremadrid.com\/wp-content\/uploads\/2021\/04\/banner-retiro-300x150.jpg 300w, https:\/\/erreqerremadrid.com\/wp-content\/uploads\/2021\/04\/banner-retiro-1024x512.jpg 1024w, https:\/\/erreqerremadrid.com\/wp-content\/uploads\/2021\/04\/banner-retiro-768x384.jpg 768w, https:\/\/erreqerremadrid.com\/wp-content\/uploads\/2021\/04\/banner-retiro-1536x768.jpg 1536w, https:\/\/erreqerremadrid.com\/wp-content\/uploads\/2021\/04\/banner-retiro-16x8.jpg 16w\" sizes=\"auto, (max-width: 1920px) 100vw, 1920px\" \/><div class=\"wp-block-cover__inner-container is-layout-flow wp-block-cover-is-layout-flow\">\n<h2 class=\"has-white-color has-text-color has-huge-font-size wp-block-heading\">Erre Que Erre  <span style=\"color:#e2804f\" class=\"has-inline-color\">Retiro<\/span><\/h2>\n\n\n\n<p class=\"d-none has-medium-font-size\">En <a href=\"https:\/\/erreqerremadrid.com\/en\/\">Erre que Erre<\/a> Retiro disfrutar\u00e1s de<\/p>\n\n\n\n<p class=\"has-medium-font-size\">No dejes de probar nuestro sabor RETIRO!<\/p>\n\n\n\n<div class=\"wp-block-buttons is-layout-flex wp-block-buttons-is-layout-flex\">\n<div class=\"wp-block-button\"><a class=\"wp-block-button__link has-background\" href=\"tel:+34810525024\" style=\"background-color:#cda45e\">Booking<\/a><\/div>\n\n\n\n<div class=\"wp-block-button\"><a class=\"wp-block-button__link has-background\" href=\"#menu\" style=\"background-color:#cda45e\">Carta<\/a><\/div>\n<\/div>\n<\/div><\/div>\n\n\n\n<!-- ======= About Section ======= -->\n<section id=\"about\" class=\"about\" style=\"background:url(\/wp-content\/uploads\/2021\/04\/fachada-retiro-background.jpg); background-attachment: fixed;\">\n  <div class=\"container\" data-aos=\"fade-up\">\n\n    <div class=\"row\">\n      <div class=\"col-lg-6 pt-4 pt-lg-0 content\">\n        <h3>En el centro de la ciudad y aleg\u00f3rico a El Retiro, terraza y sobre todo sal\u00f3n se visten de tr\u00f3pico.<\/h3>\n        <p class=\"font-italic\">\n          El verde y el estilo tropical se adue\u00f1an de su sal\u00f3n, con su peque\u00f1o jard\u00edn colgante y un enorme ventanal que da vista a la gran terraza muy bien acondicionada para que puedas disfrutarla tanto en invierno como en verano.\n          Contamos con:          \n        <\/p>\n        <ul>\n          <li><i class=\"icofont-check-circled\"><\/i> Sal\u00f3n peque\u00f1o pero muy acogedor y ventilado.<\/li>\n          <li><i class=\"icofont-check-circled\"><\/i> Terraza grande donde combina la p\u00e9rgola con espacios al aire libre. <\/li>\n        <\/ul>\n<h3>\u00bfDonde se encuentra nuestro restaurante Erre que Erre Retiro?<\/h3>\n        <p>\n         A unos pasos del <a href=\"https:\/\/es.wikipedia.org\/wiki\/Parque_del_Retiro_de_Madrid\">Parque del Retiro de Madrid<\/a>, si andas cerca no dejes de visitarnos y comerte unas lagrimas de pollo o tomarte unas cervecitas. \u00a1Te esperamos!!!\n        <\/p>\n      <\/div>\n      <div class=\"col-lg-6\" data-aos=\"zoom-in\" data-aos-delay=\"100\">\n        <div class=\"about-img\">\n            <!-- <img decoding=\"async\" src=\"http:\/\/erreqerremadrid.com\/wp-content\/themes\/generatepress_child\/Restaurantly\/assets\/img\/about.jpg\" alt=\"Erre que Erre Retiro\"> -->\n            <div class=\"owl-carousel events-carousel\" data-aos=\"fade-up\" data-aos-delay=\"100\">\n\n              <div class=\"row event-item\">\n                <div class=\"col-lg-12\">\n                  <img decoding=\"async\" src=\"\/wp-content\/uploads\/2021\/04\/about-salon-terraza-retiro.jpg\" class=\"img-fluid\" alt=\"Erre que Erre Retiro\">\n                <\/div>\n              <\/div>\n    \n              <div class=\"row event-item\">\n                <div class=\"col-lg-12\">\n                  <img decoding=\"async\" src=\"\/wp-content\/uploads\/2021\/04\/about-terraza-salon-retiro.jpg\" class=\"img-fluid\" alt=\"\">\n                <\/div>\n              <\/div>\n\n              <div class=\"row event-item\">\n                <div class=\"col-lg-12\">\n                  <img decoding=\"async\" src=\"\/wp-content\/uploads\/2021\/04\/about-salon-ventanal-retiro.jpg\" class=\"img-fluid\" alt=\"\">\n                <\/div>\n              <\/div>\n\n              <div class=\"row event-item\">\n                <div class=\"col-lg-12\">\n                  <img decoding=\"async\" src=\"\/wp-content\/uploads\/2021\/04\/about-terraza-pergola-retiro.jpg\" class=\"img-fluid\" alt=\"\">\n                <\/div>\n              <\/div>\n\n              <div class=\"row event-item\">\n                <div class=\"col-lg-12\">\n                  <img decoding=\"async\" src=\"\/wp-content\/uploads\/2021\/04\/about-barra-retiro-scaled.jpg\" class=\"img-fluid\" alt=\"\">\n                <\/div>\n              <\/div>\n            <\/div>\n        <\/div>\n      <\/div>\n    <\/div>\n\n  <\/div>\n<\/section><!-- End About Section -->\n\n\n\n\n\n<!-- ======= Specials Section ======= -->\n<section id=\"specials\" class=\"specials\">\n  <div class=\"container\" data-aos=\"fade-up\">\n\n    <div class=\"section-title\">\n      <h2 class=\"text-center\">Nuestra Especialidad<\/h2>\n      <p class=\"text-center\">Nuestras mejores opciones<\/p>\n    <\/div>\n\n    <div class=\"row\" data-aos=\"fade-up\" data-aos-delay=\"100\">\n      <div class=\"col-lg-3\">\n        <ul class=\"nav nav-tabs flex-column\">\n          <li class=\"nav-item\">\n            <a class=\"nav-link active show\" data-toggle=\"tab\" href=\"#tab-1\">Toasts<\/a>\n          <\/li>\n          <li class=\"nav-item\">\n            <a class=\"nav-link\" data-toggle=\"tab\" href=\"#tab-2\">Portions<\/a>\n          <\/li>\n          <li class=\"nav-item\">\n            <a class=\"nav-link\" data-toggle=\"tab\" href=\"#tab-3\">De nuestros fogones<\/a>\n          <\/li>\n          <li class=\"nav-item\">\n            <a class=\"nav-link\" data-toggle=\"tab\" href=\"#tab-4\">Desserts<\/a>\n          <\/li>\n          <li class=\"nav-item\">\n            <a class=\"nav-link\" data-toggle=\"tab\" href=\"#tab-5\">Destilados<\/a>\n          <\/li>\n        <\/ul>\n      <\/div>\n      <div class=\"col-lg-9 mt-4 mt-lg-0\">\n        <div class=\"tab-content\">\n          <div class=\"tab-pane active show\" id=\"tab-1\">\n            <div class=\"row\">\n              <div class=\"col-lg-8 details order-2 order-lg-1\">\n                <h3>Tosta de Ventresca<\/h3>\n                <p class=\"font-italic\">Sobre pimiento del piquillo <\/p>\n                <p>Sabemos hacer tostas y aqu\u00ed te recomendamos la de ventresca y pimientos del piquillo. Tierra y mar se unen sobre nuestro pan crujiente y te har\u00e1n querer repetir.<\/p>\n              <\/div>\n              <div class=\"col-lg-4 text-center order-1 order-lg-2\">\n                <img decoding=\"async\" src=\"https:\/\/erreqerremadrid.com\/wp-content\/uploads\/2021\/04\/ventresca-con-pimiento-del-piquillo.png\" alt=\"\" class=\"img-fluid\">\n              <\/div>\n            <\/div>\n          <\/div>\n          <div class=\"tab-pane\" id=\"tab-2\">\n            <div class=\"row\">\n              <div class=\"col-lg-8 details order-2 order-lg-1\">\n                <h3>L\u00e1grimas de Pollo Feliz<\/h3>\n                <p class=\"font-italic\">Para empezar ven a probar nuestras l\u00e1grimas de pollo. <\/p>\n                <p>\u00a1Uno de nuestros entrantes estrella y que a todos gustan! Marinadas con nuestra receta especial y con un fino rebozado que har\u00e1 las delicias de toda la familia.<\/p>\n              <\/div>\n              <div class=\"col-lg-4 text-center order-1 order-lg-2\">\n                <img decoding=\"async\" src=\"https:\/\/erreqerremadrid.com\/wp-content\/uploads\/2021\/04\/lagrimas-de-pollo-feliz.png\" alt=\"\" class=\"img-fluid\">\n              <\/div>\n            <\/div>\n          <\/div>\n          <div class=\"tab-pane\" id=\"tab-3\">\n            <div class=\"row\">\n              <div class=\"col-lg-8 details order-2 order-lg-1\">\n                <h3>Costilla de A\u00f1ojo<\/h3>\n                <p class=\"font-italic\">Especial para los amantes de la ternera<\/p>\n                <p>Los carn\u00edvoros no pod\u00e9is dejar escapar nuestra costilla de a\u00f1ojo a baja temperatura, la mejor manera de rematar una comida en familia o amigos. \u00bfVes la foto y te saliva la boca? \u00a1\u00a1Pues corre y ven a probarla!! Te esperamos.<\/p>\n              <\/div>\n              <div class=\"col-lg-4 text-center order-1 order-lg-2\">\n                <img decoding=\"async\" src=\"https:\/\/erreqerremadrid.com\/wp-content\/uploads\/2021\/04\/costilla-de-anojo.png\" alt=\"\" class=\"img-fluid\">\n              <\/div>\n            <\/div>\n          <\/div>\n          <div class=\"tab-pane\" id=\"tab-4\">\n            <div class=\"row\">\n              <div class=\"col-lg-8 details order-2 order-lg-1\">\n                <h3>Fondant de chocolate<\/h3>\n                <p class=\"font-italic\">\u00bfTe gusta el chocolate? \u00a1Eureka!<\/p>\n                <p> Aqu\u00ed nuestro fondant de chocolate. Despu\u00e9s del primer bocado no podr\u00e1s parar hasta terminarlo.<\/p>\n              <\/div>\n              <div class=\"col-lg-4 text-center order-1 order-lg-2\">\n                <img decoding=\"async\" src=\"https:\/\/erreqerremadrid.com\/wp-content\/uploads\/2021\/04\/fondant-de-chocolate.png\" alt=\"\" class=\"img-fluid\">\n              <\/div>\n            <\/div>\n          <\/div>\n          <div class=\"tab-pane\" id=\"tab-5\">\n            <div class=\"row\">\n              <div class=\"col-lg-8 details order-2 order-lg-1\">\n                <h3>Martin Miller\u00b4s Gin<\/h3>\n                <p class=\"font-italic\">Reconocida como la primera Ginebra \u00absuper-premiun\u00bb del mundo.<\/p>\n                <p>Mezcla de la experiencia inglesa con el agua m\u00e1s pura del mundo, la de Islandia. La graduaci\u00f3n alcoh\u00f3lica de Martin Miller\u00b4s Original realza su suave sabor con notas de c\u00edtricos y enebro. La puedes tomar tanto solas como en c\u00f3cteles. Como la prefieren nuestros clientes es a la roca o combinada con t\u00f3nica. Definitivamente un gusto muy fino al paladar.<\/p>\n              <\/div>\n              <div class=\"col-lg-4 text-center order-1 order-lg-2\">\n                <img decoding=\"async\" src=\"https:\/\/erreqerremadrid.com\/wp-content\/uploads\/2021\/04\/ginebra-martin-millers.png\" alt=\"\" class=\"img-fluid\">\n              <\/div>\n            <\/div>\n          <\/div>\n        <\/div>\n      <\/div>\n    <\/div>\n\n  <\/div>\n<\/section><!-- End Specials Section -->\n\n\n\n<!-- ======= Menu Section ======= -->\n    <><section id=\"menu\" class=\"menu section-bg\">\n        <div class=\"container\" data-aos=\"fade-up\">\n            <div class=\"section-title\">\n                <h2 class=\"text-center\">Taste<\/h2>\n                <p class=\"text-center\">Our Menu<\/p>\n            <\/div>\n\n            <div class=\"row\" data-aos=\"fade-up\" data-aos-delay=\"100\">\n                <div class=\"col-lg-12 d-flex justify-content-center\">\n                    <ul id=\"menu-flters\">\n                        <li data-filter=\".filter-para-picar\" class=\"filter-active\">Para picar<\/li>\n                        <li data-filter=\".filter-tostas\" class=\"filter-active\">Toasts<\/li>\n                        <li data-filter=\".filter-huerta\" class=\"filter-active\">De la Huerta<\/li>\n                        <li data-filter=\".filter-raciones\" class=\"filter-active\">Portions<\/li>\n                        <li data-filter=\".filter-ibericos\" class=\"filter-active\">Ib\u00e9ricos<\/li>\n                        <li data-filter=\".filter-fogones\" class=\"filter-active\">De nuestros fogones<\/li>\n                        <li data-filter=\".filter-postres\" class=\"filter-active\">Desserts<\/li>\n                        <li data-filter=\".filter-vinos\" class=\"filter-active\">Vinos<\/li>\n                        <!--<li data-filter=\".filter-destilados\" class=\"filter-active\">Destilados<\/li>\n                        <li data-filter=\".filter-bebidas\" class=\"filter-active\">Bebidas<\/li>-->\n                        <li data-filter=\".filter-cervezas\" class=\"filter-active\">Cervezas<\/li>\n                        <!--<li data-filter=\".filter-cocteleria\" class=\"filter-active\">Cocteler\u00eda<\/li>\n                        <li data-filter=\".filter-infusiones\" class=\"filter-active\">Infusiones y Caf\u00e9<\/li>\n                        <li data-filter=\".filter-licores\" class=\"filter-active\">Licores<\/li>-->\n                    <\/ul>\n                <\/div>\n            <\/div>\n\n            <div class=\"row menu-container\" data-aos=\"fade-up\" data-aos-delay=\"200\">\n\n                <!---Picar-->\n\n                <div class=\"col-lg-6 menu-item filter-para-picar\">\n                    <div class=\"menu-content\">\n                        <a>Croquetitas de Idiaz\u00e1bal y boletus<\/a><span>7,50\u20ac<\/span>\n                    <\/div>\n                    <div class=\"menu-ingredients\">\n                        de Idiaz\u00e1bal y boletus.\n                    <\/div>\n                <\/div>\n\n                <div class=\"col-lg-6 menu-item filter-para-picar\">\n                    <div class=\"menu-content\">\n                        <a>Ensaladilla<\/a><span>6,95\u20ac<\/span>\n                    <\/div>\n                    <div class=\"menu-ingredients\">\n                        un cl\u00e1sico.\n                    <\/div>\n                <\/div>\n\n                <div class=\"col-lg-6 menu-item filter-para-picar\">\n                    <div class=\"menu-content\">\n                        <a>Brochetas de pollo al curry<\/a><span>7,50\u20ac<\/span>\n                    <\/div>\n                    <div class=\"menu-ingredients\">\n                        a la plancha.\n                    <\/div>\n                <\/div>\n\n                <div class=\"col-lg-6 menu-item filter-para-picar\">\n                    <div class=\"menu-content\">\n                        <a>Gyozas<\/a><span>7,95\u20ac<\/span>\n                    <\/div>\n                    <div class=\"menu-ingredients\">\n                        de cerdo con soja y teriyaki.\n                    <\/div>\n                <\/div>\n\n                <!---Tostas-->\n                <div class=\"col-lg-6 menu-item filter-tostas\">\n                    <div class=\"menu-content\">\n                        <a>Queso de cabra<\/a><span>4.50\u20ac<\/span>\n                    <\/div>\n                    <div class=\"menu-ingredients\">\n                        con cebolla caramelizada, tomate seco y reducci\u00f3n de modena.\n                    <\/div>\n                <\/div>\n\n                <div class=\"col-lg-6 menu-item filter-tostas\">\n                    <div class=\"menu-content\">\n                        <a>Jam\u00f3n ib\u00e9rico<\/a><span>6.95\u20ac<\/span>\n                    <\/div>\n                    <div class=\"menu-ingredients\">\n                        cortado a cuchillo con aceite y tomate.\n                    <\/div>\n                <\/div>\n\n                <div class=\"col-lg-6 menu-item filter-tostas\">\n                    <div class=\"menu-content\">\n                        <a>Salm\u00f3n<\/a><span>5.95\u20ac<\/span>\n                    <\/div>\n                    <div class=\"menu-ingredients\">\n                        con nuestra crema de queso casera, eneldo y un toque de c\u00edtricos.\n                    <\/div>\n                <\/div>\n\n                <div class=\"col-lg-6 menu-item filter-tostas\">\n                    <div class=\"menu-content\">\n                        <a>Mallorquina<\/a><span>4.50\u20ac<\/span>\n                    <\/div>\n                    <div class=\"menu-ingredients\">\n                        sobrasada con queso brie.\n                    <\/div>\n                <\/div>\n\n                <div class=\"col-lg-6 menu-item filter-tostas\">\n                    <div class=\"menu-content\">\n                        <a>Piquillo Tuna<\/a><span>5.95\u20ac<\/span>\n                    <\/div>\n                    <div class=\"menu-ingredients\">\n                        sobre pimientos del piquillo.\n                    <\/div>\n                <\/div>\n\n                <!--de la huerta-->\n                <div class=\"col-lg-6 menu-item filter-huerta\">\n                    <div class=\"menu-content\">\n                        <a>Flor de alcachofa confitada en AOVE<\/a><span>13.75\u20ac<\/span>\n                    <\/div>\n                    <div class=\"menu-ingredients\">\n                        con virutas de ib\u00e9rico.\n                    <\/div>\n                <\/div>\n\n                <div class=\"col-lg-6 menu-item filter-huerta\">\n                    <div class=\"menu-content\">\n                        <a>Ensalada Burrata<\/a><span>11.95\u20ac<\/span>\n                    <\/div>\n                    <div class=\"menu-ingredients\">\n                        burrata cremosa sobre coulis de tomate.\n                    <\/div>\n                <\/div>\n\n                <div class=\"col-lg-6 menu-item filter-huerta\">\n                    <div class=\"menu-content\">\n                        <a>Ensalada de Ventresca con tomate<\/a><span>11.50\u20ac<\/span>\n                    <\/div>\n                    <div class=\"menu-ingredients\">\n                        con reducci\u00f3n de modena.\n                    <\/div>\n                <\/div>\n\n                <div class=\"col-lg-6 menu-item filter-huerta\">\n                    <div class=\"menu-content\">\n                        <a>Revuelto de boletus edulis<\/a><span>14.50\u20ac<\/span>\n                    <\/div>\n                    <div class=\"menu-ingredients\">\n                        confitados en AOVE.\n                    <\/div>\n                <\/div>\n\n                <div class=\"col-lg-6 menu-item filter-huerta\">\n                    <div class=\"menu-content\">\n                        <a>Ensalada de Tomate rosa<\/a><span>9.50\u20ac<\/span>\n                    <\/div>\n                    <div class=\"menu-ingredients\">\n                        con aceite de oliva.\n                    <\/div>\n                <\/div>\n\n                <div class=\"col-lg-6 menu-item filter-huerta\">\n                    <div class=\"menu-content\">\n                        <a>Pisto de verduras con un par de huevos<\/a><span>9.95\u20ac<\/span>\n                    <\/div>\n                    <div class=\"menu-ingredients\">\n                        pisto casero al estilo cl\u00e1sico.\n                    <\/div>\n                <\/div>\n\n                <!--raciones-->\n                \n                <div class=\"col-lg-6 menu-item filter-raciones\">\n                    <div class=\"menu-content\">\n                        <a>Huevos rotos con jam\u00f3n ib\u00e9rico<\/a><span>12.50\u20ac<\/span>\n                    <\/div>\n                    <div class=\"menu-ingredients\">\n                        patatas acompa\u00f1adas con jam\u00f3n ib\u00e9rico y huevo.\n                    <\/div>\n                <\/div>\n\n                <div class=\"col-lg-6 menu-item filter-raciones\">\n                    <div class=\"menu-content\">\n                        <a>Bravas \u201cErre Que Erre\u201d<\/a><span>8.50\u20ac<\/span>\n                    <\/div>\n                    <div class=\"menu-ingredients\">\n                        con nuestra salsa brava y decoradas con cebollino fresco.\n                    <\/div>\n                <\/div>\n\n                <div class=\"col-lg-6 menu-item filter-raciones\">\n                    <div class=\"menu-content\">\n                        <a>L\u00e1grimas de pollo feliz<\/a><span>10.95\u20ac<\/span>\n                    <\/div>\n                    <div class=\"menu-ingredients\">\n                        marinadas con soja, perejil y jengibre. Acompa\u00f1adas de salsa de miel y mostaza.\n                    <\/div>\n                <\/div>\n\n                <div class=\"col-lg-6 menu-item filter-raciones\">\n                    <div class=\"menu-content\">\n                        <a>Calamares a la andaluza<\/a><span>10.95\u20ac<\/span>\n                    <\/div>\n                    <div class=\"menu-ingredients\">\n                        con lim\u00f3n y salsa alioli casera.\n                    <\/div>\n                <\/div>\n\n                <div class=\"col-lg-6 menu-item filter-raciones\">\n                    <div class=\"menu-content\">\n                        <a>Croquetas de jam\u00f3n ib\u00e9rico<\/a><span>9.95\u20ac<\/span>\n                    <\/div>\n                    <div class=\"menu-ingredients\">\n                        seis unidades.\n                    <\/div>\n                <\/div>\n\n                <div class=\"col-lg-6 menu-item filter-raciones\">\n                    <div class=\"menu-content\">\n                        <a>Bastones de berenjena con miel<\/a><span>8.95\u20ac<\/span>\n                    <\/div>\n                    <div class=\"menu-ingredients\">\n                        acompa\u00f1ados con la aut\u00e9ntica miel de ca\u00f1a.\n                    <\/div>\n                <\/div>\n\n                <div class=\"col-lg-6 menu-item filter-raciones\">\n                    <div class=\"menu-content\">\n                        <a>Mejillones a la marinera<\/a><span>7.50\u20ac<\/span>\n                    <\/div>\n                    <div class=\"menu-ingredients\">\n                        con nuestra salsa marinera secreta.\n                    <\/div>\n                <\/div>\n\n                <div class=\"col-lg-6 menu-item filter-raciones\">\n                    <div class=\"menu-content\">\n                        <a>Tacos de pull pork con nuestro toque<\/a><span>8.50\u20ac<\/span>\n                    <\/div>\n                    <div class=\"menu-ingredients\">\n                        con jud\u00edas negras, cebolla morada encultida, aguacate y jalape\u00f1o.\n                    <\/div>\n                <\/div>\n\n                <!--Ib\u00e9ricos:-->\n                <div class=\"col-lg-6 menu-item filter-ibericos\">\n                    <div class=\"menu-content\">\n                        <a>Jam\u00f3n ib\u00e9rico bellota D.O. Guijuelo cortado a cuchillo<\/a><span>13.95\u20ac<\/span>\n                    <\/div>\n                    <div class=\"menu-ingredients\">\n                        acompa\u00f1ado de tres tostas de pan y tomate triturado.\n                    <\/div>\n                <\/div>\n\n                <div class=\"col-lg-6 menu-item filter-ibericos\">\n                    <div class=\"menu-content\">\n                        <a>Cecina de Le\u00f3n<\/a><span>10.95\u20ac<\/span>\n                    <\/div>\n                    <div class=\"menu-ingredients\">\n                        un sabor peculiar.\n                    <\/div>\n                <\/div>\n\n                <div class=\"col-lg-6 menu-item filter-ibericos\">\n                    <div class=\"menu-content\">\n                        <a>Tabla de quesos<\/a><span>14.50\u20ac<\/span>\n                    <\/div>\n                    <div class=\"menu-ingredients\">\n                        selecci\u00f3n de quesos artesanos.\n                    <\/div>\n                <\/div>\n\n                <div class=\"col-lg-6 menu-item filter-ibericos\">\n                    <div class=\"menu-content\">\n                        <a>Provoletta al horno<\/a><span>9.75\u20ac<\/span>\n                    <\/div>\n                    <div class=\"menu-ingredients\">\n                        con base de tomate natural y or\u00e9gano.\n                    <\/div>\n                <\/div>\n\n                <!---De nuestros fogones:-->\n\n                <div class=\"col-lg-6 menu-item filter-fogones\">\n                    <div class=\"menu-content\">\n                        <a>Secreto ib\u00e9rico con salsa Romescu<\/a><span>12.95\u20ac<\/span>\n                    <\/div>\n                    <div class=\"menu-ingredients\">\n                        acompa\u00f1ado de patatas.\n                    <\/div>\n                <\/div>\n\n                <div class=\"col-lg-6 menu-item filter-fogones\">\n                    <div class=\"menu-content\">\n                        <a>Lingote de cordero confitado a baja temperatura<\/a><span>15.50\u20ac<\/span>\n                    <\/div>\n                    <div class=\"menu-ingredients\">\n                        acompa\u00f1ado de nuestra salsa chutnex agridulce de pi\u00f1a y guarnici\u00f3n de patatas.\n                    <\/div>\n                <\/div>\n\n                <div class=\"col-lg-6 menu-item filter-fogones\">\n                    <div class=\"menu-content\">\n                        <a>Tartar de at\u00fan rojo<\/a><span>14.50\u20ac<\/span>\n                    <\/div>\n                    <div class=\"menu-ingredients\">\n                        con aguacate, tomate, cebolla, cilantro y un toque de aceite de s\u00e9samo. Acompa\u00f1ado de tostas de pan.\n                    <\/div>\n                <\/div>\n\n                <div class=\"col-lg-6 menu-item filter-fogones\">\n                    <div class=\"menu-content\">\n                        <a>Lomo bajo de ternera trinchado<\/a><span>16.50\u20ac<\/span>\n                    <\/div>\n                    <div class=\"menu-ingredients\">\n                        acompa\u00f1ado de patatas fritas.\n                    <\/div>\n                <\/div>\n\n                <div class=\"col-lg-6 menu-item filter-fogones\">\n                    <div class=\"menu-content\">\n                        <a>Costilla de a\u00f1ojo cocinada a baja temperatura<\/a><span>14.95\u20ac<\/span>\n                    <\/div>\n                    <div class=\"menu-ingredients\">\n                        cocinada en su propio jugo y acompa\u00f1ada de patatas.\n                    <\/div>\n                <\/div>\n\n\n                <!---Postres-->\n                <div class=\"col-lg-6 menu-item filter-postres\">\n                    <div class=\"menu-content\">\n                        <a>Fondant de chocolate<\/a><span>4.95\u20ac<\/span>\n                    <\/div>\n                    <div class=\"menu-ingredients\">\n                        acompa\u00f1ado con helado de vainilla.\n                    <\/div>\n                <\/div>\n\n                <div class=\"col-lg-6 menu-item filter-postres\">\n                    <div class=\"menu-content\">\n                        <a>Tarta fluida de queso<\/a><span>5.50\u20ac<\/span>\n                    <\/div>\n                    <div class=\"menu-ingredients\">\n                        con culis de frutos rojos.\n                    <\/div>\n                <\/div>\n\n                <div class=\"col-lg-6 menu-item filter-postres\">\n                    <div class=\"menu-content\">\n                        <a>Brioche caramelizado<\/a><span>5.50\u20ac<\/span>\n                    <\/div>\n                    <div class=\"menu-ingredients\">\n                        acompa\u00f1ado con helado de vainilla.\n                    <\/div>\n                <\/div>\n\n                <!--Bebidas-->\n\n                <div class=\"col-lg-6 menu-item filter-vinos\">\n                    <div class=\"menu-content\">\n                        <a>Rueda, Blanco.Ederra.Copa <\/a><span>2.95\u20ac<\/span>\n                    <\/div>\n                    <div class=\"menu-ingredients\">\n                        Verdejo. Una apuesta personal.\n                    <\/div>\n                <\/div>\n\n                <div class=\"col-lg-6 menu-item filter-vinos\">\n                    <div class=\"menu-content\">\n                        <a>Rueda, Blanco.Ederra.Botella <\/a><span>16.00\u20ac<\/span>\n                    <\/div>\n                    <div class=\"menu-ingredients\">\n                        Verdejo. Una apuesta personal.\n                    <\/div>\n                <\/div>\n\n                <div class=\"col-lg-6 menu-item filter-vinos\">\n                    <div class=\"menu-content\">\n                        <a>Costers del Segre, Blanco. Raimat Saira. Copa<\/a><span>3.10\u20ac<\/span>\n                    <\/div>\n                    <div class=\"menu-ingredients\">\n                        Albari\u00f1o. Intensos aromas a frutas tropicales, c\u00edtricos y notas de flores blancas.\n                    <\/div>\n                <\/div>\n\n                <div class=\"col-lg-6 menu-item filter-vinos\">\n                    <div class=\"menu-content\">\n                        <a>Costers del Segre, Blanco. Raimat Saira. Botella<\/a><span>18.00\u20ac<\/span>\n                    <\/div>\n                    <div class=\"menu-ingredients\">\n                        Albari\u00f1o. Intensos aromas a frutas tropicales, c\u00edtricos y notas de flores blancas.\n                    <\/div>\n                <\/div>\n\n                <div class=\"col-lg-6 menu-item filter-vinos\">\n                    <div class=\"menu-content\">\n                        <a>Monterrei, Blanco.La Duda.Botella <\/a><span>19.00\u20ac<\/span>\n                    <\/div>\n                    <div class=\"menu-ingredients\">\n                        Godello. Aromas de Flor de fruta y melocot\u00f3n blanco y albaricoque sabores texturas finas.\n                    <\/div>\n                <\/div>\n\n                <div class=\"col-lg-6 menu-item filter-vinos\">\n                    <div class=\"menu-content\">\n                        <a>Catalunya, Blanco. Bach Frizzante Moscato. Copa<\/a><span>2.95\u20ac<\/span>\n                    <\/div>\n                    <div class=\"menu-ingredients\">\n                        Moscatel. Intensos aromas florales y c\u00edtricos\n                    <\/div>\n                <\/div>\n\n                <div class=\"col-lg-6 menu-item filter-vinos\">\n                    <div class=\"menu-content\">\n                        <a>Catalunya, Blanco. Bach Frizzante Moscato. Botella<\/a><span>16.00\u20ac<\/span>\n                    <\/div>\n                    <div class=\"menu-ingredients\">\n                        Moscatel. Intensos aromas florales y c\u00edtricos\n                    <\/div>\n                <\/div>\n\n                <div class=\"col-lg-6 menu-item filter-vinos\">\n                    <div class=\"menu-content\">\n                        <a>Costers del Segre, Blanco. \u00c1nima de Raimat. Botella<\/a><span>18.00\u20ac<\/span>\n                    <\/div>\n                    <div class=\"menu-ingredients\">\n                        Albari\u00f1o, Chardonnay, Xarel-lo. Aromas complejos a frutas tropicales, c\u00edtricos y matices florales.\n                    <\/div>\n                <\/div>\n\n                <div class=\"col-lg-6 menu-item filter-vinos\">\n                    <div class=\"menu-content\">\n                        <a>Rioja, Tinto. Vi\u00f1a Pomal. Copa<\/a><span>2.95\u20ac<\/span>\n                    <\/div>\n                    <div class=\"menu-ingredients\">\n                        Tempranillo. Crianza.\n                    <\/div>\n                <\/div>\n\n                <div class=\"col-lg-6 menu-item filter-vinos\">\n                    <div class=\"menu-content\">\n                        <a>Rioja, Tinto. Vi\u00f1a Pomal. Botella<\/a><span>17.50\u20ac<\/span>\n                    <\/div>\n                    <div class=\"menu-ingredients\">\n                        Tempranillo. Crianza.\n                    <\/div>\n                <\/div>\n\n                <div class=\"col-lg-6 menu-item filter-vinos\">\n                    <div class=\"menu-content\">\n                        <a>Rioja, Tinto. Vi\u00f1a Pomal Selecci\u00f3n 500. Botella<\/a><span>22.00\u20ac<\/span>\n                    <\/div>\n                    <div class=\"menu-ingredients\">\n                        Tempranillo y Garnacha tinta.\n                    <\/div>\n                <\/div>\n\n                <div class=\"col-lg-6 menu-item filter-vinos\">\n                    <div class=\"menu-content\">\n                        <a>Rioja, Tinto. Azpilicueta<\/a><span>19.00\u20ac<\/span>\n                    <\/div>\n                    <div class=\"menu-ingredients\">\n                        Tempranillo.\n                    <\/div>\n                <\/div>\n\n                <div class=\"col-lg-6 menu-item filter-vinos\">\n                    <div class=\"menu-content\">\n                        <a>Ribera del Duero, Tinto. Legaris. Copa<\/a><span>3.10\u20ac<\/span>\n                    <\/div>\n                    <div class=\"menu-ingredients\">\n                        Tempranillo.\n                    <\/div>\n                <\/div>\n\n                <div class=\"col-lg-6 menu-item filter-vinos\">\n                    <div class=\"menu-content\">\n                        <a>Ribera del Duero, Tinto. Legaris. Botella<\/a><span>18.00\u20ac<\/span>\n                    <\/div>\n                    <div class=\"menu-ingredients\">\n                        Tempranillo.\n                    <\/div>\n                <\/div>\n\n                <div class=\"col-lg-6 menu-item filter-vinos\">\n                    <div class=\"menu-content\">\n                        <a>Ribera del Duero, Tinto.Tarsus.Botella  <\/a><span>22.00\u20ac<\/span>\n                    <\/div>\n                    <div class=\"menu-ingredients\">\n                        Crianza. Tempranillo.\n                    <\/div>\n                <\/div>\n\n                <div class=\"col-lg-6 menu-item filter-vinos\">\n                    <div class=\"menu-content\">\n                        <a>Ribera del Duero, Tinto. Emilio Moro. Botella<\/a><span>27.00\u20ac<\/span>\n                    <\/div>\n                    <div class=\"menu-ingredients\">\n                        Crianza. Tempranillo.\n                    <\/div>\n                <\/div>\n\n                <div class=\"col-lg-6 menu-item filter-vinos\">\n                    <div class=\"menu-content\">\n                        <a>Bierzo, Tinto. La Escucha. Botella<\/a><span>18.95\u20ac<\/span>\n                    <\/div>\n                    <div class=\"menu-ingredients\">\n                        Menc\u00eda.\n                    <\/div>\n                <\/div>\n\n                <div class=\"col-lg-6 menu-item filter-vinos\">\n                    <div class=\"menu-content\">\n                        <a>Montsant, Tinto. El Pispa. Botella<\/a><span>19.50\u20ac<\/span>\n                    <\/div>\n                    <div class=\"menu-ingredients\">\n                        Garnacha.\n                    <\/div>\n                <\/div>\n\n                <div class=\"col-lg-6 menu-item filter-vinos\">\n                    <div class=\"menu-content\">\n                        <a>Toro, Tinto. Madrem\u00eda. Botella<\/a><span>19.50\u20ac<\/span>\n                    <\/div>\n                    <div class=\"menu-ingredients\">\n                        Tinta de Toro.\n                    <\/div>\n                <\/div>\n\n                <div class=\"col-lg-6 menu-item filter-vinos\">\n                    <div class=\"menu-content\">\n                        <a>Costers del Segre, Rosado. Clamor. Botella<\/a><span>16.00\u20ac<\/span>\n                    <\/div>\n                    <div class=\"menu-ingredients\">\n                        Cabernet Sauvignon y Tempranillo.\n                    <\/div>\n                <\/div>\n\n                <div class=\"col-lg-6 menu-item filter-cervezas\">\n                    <div class=\"menu-content\">\n                        <a>Alambra Especial<\/a><span>3.00\u20ac<\/span>\n                    <\/div>\n                    <div class=\"menu-ingredients\">\n                        cerveza de grifo.\n                    <\/div>\n                <\/div>\n\n                <div class=\"col-lg-6 menu-item filter-cervezas\">\n                    <div class=\"menu-content\">\n                        <a>Alambra Reserva roja<\/a><span>3.50\u20ac<\/span>\n                    <\/div>\n                    <div class=\"menu-ingredients\">\n                        cerveza de grifo\n                    <\/div>\n                <\/div>\n\n                <div class=\"col-lg-6 menu-item filter-cervezas\">\n                    <div class=\"menu-content\">\n                        <a>Alambra Reserva 1925<\/a><span>3.50\u20ac<\/span>\n                    <\/div>\n                    <div class=\"menu-ingredients\">\n                        cerveza de botella\n                    <\/div>\n                <\/div>\n\n                <div class=\"col-lg-6 menu-item filter-cervezas\">\n                    <div class=\"menu-content\">\n                        <a>Barrica ron granadino<\/a><span>3.75\u20ac<\/span>\n                    <\/div>\n                    <div class=\"menu-ingredients\">\n                        cerveza de botella\n                    <\/div>\n                <\/div>\n\n                <div class=\"col-lg-6 menu-item filter-cervezas\">\n                    <div class=\"menu-content\">\n                        <a>Baltic Porter<\/a><span>4.50\u20ac<\/span>\n                    <\/div>\n                    <div class=\"menu-ingredients\">\n                        cerveza de botella\n                    <\/div>\n                <\/div>\n\n                <div class=\"col-lg-6 menu-item filter-cervezas\">\n                    <div class=\"menu-content\">\n                        <a>Esencia citra IPA<\/a><span>3.75\u20ac<\/span>\n                    <\/div>\n                    <div class=\"menu-ingredients\">\n                        cerveza de botella\n                    <\/div>\n                <\/div>\n\n                <div class=\"col-lg-6 menu-item filter-cervezas\">\n                    <div class=\"menu-content\">\n                        <a>Leffe triple<\/a><span>3.50\u20ac<\/span>\n                    <\/div>\n                    <div class=\"menu-ingredients\">\n                        cerveza de botella\n                    <\/div>\n                <\/div>\n\n                <div class=\"col-lg-6 menu-item filter-cervezas\">\n                    <div class=\"menu-content\">\n                        <a>Franziskaner<\/a><span>3.50\u20ac<\/span>\n                    <\/div>\n                    <div class=\"menu-ingredients\">\n                        cerveza de botella\n                    <\/div>\n                <\/div>\n\n                <div class=\"col-lg-6 menu-item filter-cervezas\">\n                    <div class=\"menu-content\">\n                        <a>Mahou Tostada 0\u00b40<\/a><span>3.00\u20ac<\/span>\n                    <\/div>\n                    <div class=\"menu-ingredients\">\n                        cerveza de botella\n                    <\/div>\n                <\/div>\n\n                <div class=\"col-lg-6 menu-item filter-cervezas\">\n                    <div class=\"menu-content\">\n                        <a>Mahou Sin gluten<\/a><span>3.50\u20ac<\/span>\n                    <\/div>\n                    <div class=\"menu-ingredients\">\n                        cerveza de botella\n                    <\/div>\n                <\/div>\n\n            <\/div>\n\n            <div class=\"container ml-2\">\n                <span class=\"d-block m-auto text-left pt-5 pl-5\">*extra fee in terrace<\/span>\n            <\/div>\n        <\/div>\n    <\/section><!-- End Menu Section -->\n\n\n\n<!-- ======= form ======= -->\n<span id=\"reserva-latina\"><\/span>\n<section id=\"why-us\" class=\"why-us contact-form\" style=\"background:#0c0b09;\">\n    <div class=\"container-fluid\" data-aos=\"fade-up\">\n      <div class=\"section-title text-center\">\n        <h2>Contact Us<\/h2>\n        <p>Book your table<\/p>\n      <\/div>\n\n<div class=\"form-home\"><div role=\"form\" class=\"wpcf7\" id=\"wpcf7-f273-o1\" lang=\"es-ES\" dir=\"ltr\">\n<div class=\"screen-reader-response\"><p role=\"status\" aria-live=\"polite\" aria-atomic=\"true\"><\/p> <ul><\/ul><\/div>\n<form action=\"\/en\/wp-json\/wp\/v2\/pages\/1502#wpcf7-f273-o1\" method=\"post\" class=\"wpcf7-form init\" novalidate=\"novalidate\" data-status=\"init\" data-trp-original-action=\"\/en\/wp-json\/wp\/v2\/pages\/1502#wpcf7-f273-o1\">\n<div style=\"display: none;\">\n<input type=\"hidden\" name=\"_wpcf7\" value=\"273\" \/>\n<input type=\"hidden\" name=\"_wpcf7_version\" value=\"5.6.4\" \/>\n<input type=\"hidden\" name=\"_wpcf7_locale\" value=\"es_ES\" \/>\n<input type=\"hidden\" name=\"_wpcf7_unit_tag\" value=\"wpcf7-f273-o1\" \/>\n<input type=\"hidden\" name=\"_wpcf7_container_post\" value=\"0\" \/>\n<input type=\"hidden\" name=\"_wpcf7_posted_data_hash\" value=\"\" \/>\n<\/div>\n<div class=\"container-fluid\">\n<div class=\"row\">\n<div class=\"col-md-4\">\n            <label><span class=\"wpcf7-form-control-wrap\" data-name=\"your-name\"><input type=\"text\" name=\"your-name\" value=\"Tu nombre*\" size=\"40\" class=\"wpcf7-form-control wpcf7-text wpcf7-validates-as-required\" aria-required=\"true\" aria-invalid=\"false\" \/><\/span> <\/label>\n        <\/div>\n<div class=\"col-md-4\">\n                <label><span class=\"wpcf7-form-control-wrap\" data-name=\"your-email\"><input type=\"email\" name=\"your-email\" value=\"Email*\" size=\"40\" class=\"wpcf7-form-control wpcf7-text wpcf7-email wpcf7-validates-as-required wpcf7-validates-as-email\" aria-required=\"true\" aria-invalid=\"false\" \/><\/span> <\/label>\n        <\/div>\n<div class=\"col-md-4\">\n            <label><span class=\"wpcf7-form-control-wrap\" data-name=\"tel-840\"><input type=\"tel\" name=\"tel-840\" value=\"Tel\u00e9fono\" size=\"40\" class=\"wpcf7-form-control wpcf7-text wpcf7-tel wpcf7-validates-as-tel\" aria-invalid=\"false\" \/><\/span> <\/label>\n        <\/div>\n<\/div>\n<div class=\"row\">\n<div class=\"col-md-3\">\n           <span style=\"color:#e2804f\">Restaurante*<\/span><br \/>\n            <label><span class=\"wpcf7-form-control-wrap\" data-name=\"menu-868\"><select name=\"menu-868\" class=\"wpcf7-form-control wpcf7-select wpcf7-validates-as-required\" aria-required=\"true\" aria-invalid=\"false\"><option value=\"Fuencarral\">Fuencarral<\/option><option value=\"La Latina\">La Latina<\/option><\/select><\/span> <\/label>\n        <\/div>\n<div class=\"col-md-3\">\n            <span style=\"color:#e2804f\">Fecha*<\/span><br \/>\n            <label><span class=\"wpcf7-form-control-wrap\" data-name=\"date-574\"><input type=\"date\" name=\"date-574\" value=\"\" class=\"wpcf7-form-control wpcf7-date wpcf7-validates-as-required wpcf7-validates-as-date\" aria-required=\"true\" aria-invalid=\"false\" \/><\/span> <\/label>\n        <\/div>\n<div class=\"col-md-3\">\n          <span style=\"color:#e2804f\">Hora*<\/span><br \/>\n          <label><span class=\"wpcf7-form-control-wrap\" data-name=\"text-257\"><input type=\"text\" name=\"text-257\" value=\"Hora*\" size=\"40\" class=\"wpcf7-form-control wpcf7-text wpcf7-validates-as-required\" aria-required=\"true\" aria-invalid=\"false\" \/><\/span><\/label>\n        <\/div>\n<div class=\"col-md-3\">\n            <span style=\"color:#e2804f\">Cantidad de Personas*<\/span><br \/>\n            <label><span class=\"wpcf7-form-control-wrap\" data-name=\"menu-868\"><select name=\"menu-868\" class=\"wpcf7-form-control wpcf7-select wpcf7-validates-as-required\" aria-required=\"true\" aria-invalid=\"false\"><option value=\"1\">1<\/option><option value=\"2\">2<\/option><option value=\"3\">3<\/option><option value=\"4\">4<\/option><option value=\"5\">5<\/option><option value=\"6\">6<\/option><option value=\"7\">7<\/option><option value=\"8\">8<\/option><option value=\"9\">9<\/option><option value=\"10\">10<\/option><option value=\"11\">11<\/option><option value=\"12\">12<\/option><option value=\"13\">13<\/option><option value=\"14\">14<\/option><option value=\"15\">15<\/option><option value=\"16\">16<\/option><option value=\"17\">17<\/option><option value=\"18\">18<\/option><option value=\"19\">19<\/option><option value=\"20\">20<\/option><\/select><\/span><\/label>\n        <\/div>\n<\/div>\n<div class=\"row\">\n<div class=\"col-md-12\">\n            <label> Tu mensaje<br \/>\n                <span class=\"wpcf7-form-control-wrap\" data-name=\"your-message\"><textarea name=\"your-message\" cols=\"40\" rows=\"10\" class=\"wpcf7-form-control wpcf7-textarea\" aria-invalid=\"false\"><\/textarea><\/span> <\/label>\n        <\/div>\n<\/div>\n<div class=\"row\">\n<div class=\"col-md-12\">\n            <input type=\"submit\" value=\"Submit\" class=\"wpcf7-form-control has-spinner wpcf7-submit\" \/>\n        <\/div>\n<\/div>\n<\/div>\n<div class=\"wpcf7-response-output\" aria-hidden=\"true\"><\/div><input type=\"hidden\" name=\"trp-form-language\" value=\"en\"\/><\/form><\/div><\/div>\n    <\/div>\n  <\/section><!-- form -->\n\n\n\n<!-- ======= Contact Section ======= -->\n\n    <section id=\"contact\" class=\"contact\">\n        <div class=\"container\" data-aos=\"fade-up\">\n  \n          <div class=\"section-title\">\n            <h2>\u00bfD\u00d3NDE ESTAMOS?<\/h2>\n            <p>Ven a Conocernos<\/p>\n          <\/div>\n        <\/div>\n  \n        <div data-aos=\"fade-up\">\n            <iframe style=\"border:0; width: 100%; height: 350px;\" src=\"https:\/\/www.google.com\/maps\/embed?pb=!1m14!1m8!1m3!1d12151.337204120207!2d-3.7090945!3d40.4125214!3m2!1i1024!2i768!4f13.1!3m3!1m2!1s0x0%3A0x32f1ceb11de32c2b!2sErre%20Que%20Erre.!5e0!3m2!1ses!2ses!4v1608135367365!5m2!1ses!2ses\" frameborder=\"0\" allowfullscreen=\"\"><\/iframe>\n        <\/div>\n      <\/section><!-- End Contact Section -->\n\n\n\n<p><\/p>","protected":false},"excerpt":{"rendered":"<p>En el centro de la ciudad y aleg\u00f3rico a El Retiro, terraza y sobre todo sal\u00f3n se visten de tr\u00f3pico. El verde y el estilo tropical se adue\u00f1an de su sal\u00f3n, con su peque\u00f1o jard\u00edn colgante y un enorme ventanal que da vista a la gran terraza muy bien acondicionada para que puedas disfrutarla tanto &#8230; <a title=\"Erre que Erre Retiro\" class=\"read-more\" href=\"https:\/\/erreqerremadrid.com\/en\/erre-que-erre-retiro\/\" aria-label=\"More on Erre que Erre Retiro\">Read more<\/a><\/p>","protected":false},"author":1,"featured_media":0,"parent":0,"menu_order":0,"comment_status":"closed","ping_status":"closed","template":"","meta":{"footnotes":""},"class_list":["post-1502","page","type-page","status-publish"],"yoast_head":"<!-- This site is optimized with the Yoast SEO plugin v19.9 - https:\/\/yoast.com\/wordpress\/plugins\/seo\/ -->\n<title>Erre que Erre Retiro - | Disfruta de la alegr\u00eda de la Cava Baja<\/title>\n<meta name=\"description\" content=\"En Erre que Erre Retiro disfrutar\u00e1s de uno de los mejores restaurantes con terraza del Retiro en Madrid. \u00a1 Entra ya y reserva!\" \/>\n<meta name=\"robots\" content=\"index, follow, max-snippet:-1, max-image-preview:large, max-video-preview:-1\" \/>\n<link rel=\"canonical\" href=\"https:\/\/erreqerremadrid.com\/en\/erre-que-erre-retiro\/\" \/>\n<meta property=\"og:locale\" content=\"en_US\" \/>\n<meta property=\"og:type\" content=\"article\" \/>\n<meta property=\"og:title\" content=\"Erre que Erre Retiro - | Disfruta de la alegr\u00eda de la Cava Baja\" \/>\n<meta property=\"og:description\" content=\"En Erre que Erre Retiro disfrutar\u00e1s de uno de los mejores restaurantes con terraza del Retiro en Madrid. \u00a1 Entra ya y reserva!\" \/>\n<meta property=\"og:url\" content=\"https:\/\/erreqerremadrid.com\/en\/erre-que-erre-retiro\/\" \/>\n<meta property=\"article:modified_time\" content=\"2022-10-09T00:01:14+00:00\" \/>\n<meta property=\"og:image\" content=\"https:\/\/erreqerremadrid.com\/wp-content\/uploads\/2021\/04\/banner-retiro.jpg\" \/>\n<meta name=\"twitter:card\" content=\"summary_large_image\" \/>\n<meta name=\"twitter:label1\" content=\"Est. reading time\" \/>\n\t<meta name=\"twitter:data1\" content=\"8 minutes\" \/>\n<script type=\"application\/ld+json\" class=\"yoast-schema-graph\">{\"@context\":\"https:\/\/schema.org\",\"@graph\":[{\"@type\":\"WebPage\",\"@id\":\"https:\/\/erreqerremadrid.com\/erre-que-erre-retiro\/\",\"url\":\"https:\/\/erreqerremadrid.com\/erre-que-erre-retiro\/\",\"name\":\"Erre que Erre Retiro - | Disfruta de la alegr\u00eda de la Cava Baja\",\"isPartOf\":{\"@id\":\"https:\/\/erreqerremadrid.com\/#website\"},\"datePublished\":\"2021-04-12T12:29:30+00:00\",\"dateModified\":\"2022-10-09T00:01:14+00:00\",\"description\":\"En Erre que Erre Retiro disfrutar\u00e1s de uno de los mejores restaurantes con terraza del Retiro en Madrid. \u00a1 Entra ya y reserva!\",\"breadcrumb\":{\"@id\":\"https:\/\/erreqerremadrid.com\/erre-que-erre-retiro\/#breadcrumb\"},\"inLanguage\":\"en-US\",\"potentialAction\":[{\"@type\":\"ReadAction\",\"target\":[\"https:\/\/erreqerremadrid.com\/erre-que-erre-retiro\/\"]}]},{\"@type\":\"BreadcrumbList\",\"@id\":\"https:\/\/erreqerremadrid.com\/erre-que-erre-retiro\/#breadcrumb\",\"itemListElement\":[{\"@type\":\"ListItem\",\"position\":1,\"name\":\"Portada\",\"item\":\"https:\/\/erreqerremadrid.com\/\"},{\"@type\":\"ListItem\",\"position\":2,\"name\":\"Erre que Erre Retiro\"}]},{\"@type\":\"WebSite\",\"@id\":\"https:\/\/erreqerremadrid.com\/#website\",\"url\":\"https:\/\/erreqerremadrid.com\/\",\"name\":\"\",\"description\":\"\",\"publisher\":{\"@id\":\"https:\/\/erreqerremadrid.com\/#organization\"},\"potentialAction\":[{\"@type\":\"SearchAction\",\"target\":{\"@type\":\"EntryPoint\",\"urlTemplate\":\"https:\/\/erreqerremadrid.com\/?s={search_term_string}\"},\"query-input\":\"required name=search_term_string\"}],\"inLanguage\":\"en-US\"},{\"@type\":\"Organization\",\"@id\":\"https:\/\/erreqerremadrid.com\/#organization\",\"name\":\"Erre Que Erre\",\"url\":\"https:\/\/erreqerremadrid.com\/\",\"logo\":{\"@type\":\"ImageObject\",\"inLanguage\":\"en-US\",\"@id\":\"https:\/\/erreqerremadrid.com\/#\/schema\/logo\/image\/\",\"url\":\"https:\/\/erreqerremadrid.com\/wp-content\/uploads\/2020\/12\/logo-1.png\",\"contentUrl\":\"https:\/\/erreqerremadrid.com\/wp-content\/uploads\/2020\/12\/logo-1.png\",\"width\":560,\"height\":182,\"caption\":\"Erre Que Erre\"},\"image\":{\"@id\":\"https:\/\/erreqerremadrid.com\/#\/schema\/logo\/image\/\"}}]}<\/script>\n<!-- \/ Yoast SEO plugin. -->","yoast_head_json":{"title":"Erre que Erre Retiro - | Disfruta de la alegr\u00eda de la Cava Baja","description":"En Erre que Erre Retiro disfrutar\u00e1s de uno de los mejores restaurantes con terraza del Retiro en Madrid. \u00a1 Entra ya y reserva!","robots":{"index":"index","follow":"follow","max-snippet":"max-snippet:-1","max-image-preview":"max-image-preview:large","max-video-preview":"max-video-preview:-1"},"canonical":"https:\/\/erreqerremadrid.com\/en\/erre-que-erre-retiro\/","og_locale":"en_US","og_type":"article","og_title":"Erre que Erre Retiro - | Disfruta de la alegr\u00eda de la Cava Baja","og_description":"En Erre que Erre Retiro disfrutar\u00e1s de uno de los mejores restaurantes con terraza del Retiro en Madrid. \u00a1 Entra ya y reserva!","og_url":"https:\/\/erreqerremadrid.com\/en\/erre-que-erre-retiro\/","article_modified_time":"2022-10-09T00:01:14+00:00","og_image":[{"url":"https:\/\/erreqerremadrid.com\/wp-content\/uploads\/2021\/04\/banner-retiro.jpg"}],"twitter_card":"summary_large_image","twitter_misc":{"Est. reading time":"8 minutes"},"schema":{"@context":"https:\/\/schema.org","@graph":[{"@type":"WebPage","@id":"https:\/\/erreqerremadrid.com\/erre-que-erre-retiro\/","url":"https:\/\/erreqerremadrid.com\/erre-que-erre-retiro\/","name":"Erre que Erre Retiro - | Disfruta de la alegr\u00eda de la Cava Baja","isPartOf":{"@id":"https:\/\/erreqerremadrid.com\/#website"},"datePublished":"2021-04-12T12:29:30+00:00","dateModified":"2022-10-09T00:01:14+00:00","description":"En Erre que Erre Retiro disfrutar\u00e1s de uno de los mejores restaurantes con terraza del Retiro en Madrid. \u00a1 Entra ya y reserva!","breadcrumb":{"@id":"https:\/\/erreqerremadrid.com\/erre-que-erre-retiro\/#breadcrumb"},"inLanguage":"en-US","potentialAction":[{"@type":"ReadAction","target":["https:\/\/erreqerremadrid.com\/erre-que-erre-retiro\/"]}]},{"@type":"BreadcrumbList","@id":"https:\/\/erreqerremadrid.com\/erre-que-erre-retiro\/#breadcrumb","itemListElement":[{"@type":"ListItem","position":1,"name":"Portada","item":"https:\/\/erreqerremadrid.com\/"},{"@type":"ListItem","position":2,"name":"Erre que Erre Retiro"}]},{"@type":"WebSite","@id":"https:\/\/erreqerremadrid.com\/#website","url":"https:\/\/erreqerremadrid.com\/","name":"","description":"","publisher":{"@id":"https:\/\/erreqerremadrid.com\/#organization"},"potentialAction":[{"@type":"SearchAction","target":{"@type":"EntryPoint","urlTemplate":"https:\/\/erreqerremadrid.com\/?s={search_term_string}"},"query-input":"required name=search_term_string"}],"inLanguage":"en-US"},{"@type":"Organization","@id":"https:\/\/erreqerremadrid.com\/#organization","name":"Erre Que Erre","url":"https:\/\/erreqerremadrid.com\/","logo":{"@type":"ImageObject","inLanguage":"en-US","@id":"https:\/\/erreqerremadrid.com\/#\/schema\/logo\/image\/","url":"https:\/\/erreqerremadrid.com\/wp-content\/uploads\/2020\/12\/logo-1.png","contentUrl":"https:\/\/erreqerremadrid.com\/wp-content\/uploads\/2020\/12\/logo-1.png","width":560,"height":182,"caption":"Erre Que Erre"},"image":{"@id":"https:\/\/erreqerremadrid.com\/#\/schema\/logo\/image\/"}}]}},"_links":{"self":[{"href":"https:\/\/erreqerremadrid.com\/en\/wp-json\/wp\/v2\/pages\/1502","targetHints":{"allow":["GET"]}}],"collection":[{"href":"https:\/\/erreqerremadrid.com\/en\/wp-json\/wp\/v2\/pages"}],"about":[{"href":"https:\/\/erreqerremadrid.com\/en\/wp-json\/wp\/v2\/types\/page"}],"author":[{"embeddable":true,"href":"https:\/\/erreqerremadrid.com\/en\/wp-json\/wp\/v2\/users\/1"}],"replies":[{"embeddable":true,"href":"https:\/\/erreqerremadrid.com\/en\/wp-json\/wp\/v2\/comments?post=1502"}],"version-history":[{"count":28,"href":"https:\/\/erreqerremadrid.com\/en\/wp-json\/wp\/v2\/pages\/1502\/revisions"}],"predecessor-version":[{"id":1775,"href":"https:\/\/erreqerremadrid.com\/en\/wp-json\/wp\/v2\/pages\/1502\/revisions\/1775"}],"wp:attachment":[{"href":"https:\/\/erreqerremadrid.com\/en\/wp-json\/wp\/v2\/media?parent=1502"}],"curies":[{"name":"wp","href":"https:\/\/api.w.org\/{rel}","templated":true}]}}